{"id":300,"date":"2025-11-05T16:44:05","date_gmt":"2025-11-05T15:44:05","guid":{"rendered":"http:\/\/sudariumchristi.stage.bergwerk-it.de\/o-tumulo-esta-vazio\/bisso-marinho-e-linho-puro\/"},"modified":"2026-01-21T11:39:56","modified_gmt":"2026-01-21T10:39:56","slug":"bisso-marinho-e-linho-puro","status":"publish","type":"page","link":"https:\/\/www.sudariumchristi.com\/pt-pt\/o-tumulo-esta-vazio\/bisso-marinho-e-linho-puro\/","title":{"rendered":"Bisso marinho e linho puro \u2013"},"content":{"rendered":"\t\t<div data-elementor-type=\"wp-page\" data-elementor-id=\"300\" class=\"elementor elementor-300 elementor-27\" data-elementor-post-type=\"page\">\n\t\t\t\t<div class=\"elementor-element elementor-element-244fe31 e-flex e-con-boxed e-con e-parent\" data-id=\"244fe31\" data-element_type=\"container\" data-e-type=\"container\">\n\t\t\t\t\t<div class=\"e-con-inner\">\n\t\t\t\t<div class=\"elementor-element elementor-element-c408579 elementor-widget elementor-widget-heading\" data-id=\"c408579\" data-element_type=\"widget\" data-e-type=\"widget\" data-widget_type=\"heading.default\">\n\t\t\t\t\t<h2 class=\"elementor-heading-title elementor-size-default\">As mortalhas de Cristo<\/h2>\t\t\t\t<\/div>\n\t\t\t\t<div class=\"elementor-element elementor-element-0aae319 elementor-widget-divider--view-line elementor-widget elementor-widget-divider\" data-id=\"0aae319\" data-element_type=\"widget\" data-e-type=\"widget\" data-widget_type=\"divider.default\">\n\t\t\t\t\t\t\t<div class=\"elementor-divider\">\n\t\t\t<span class=\"elementor-divider-separator\">\n\t\t\t\t\t\t<\/span>\n\t\t<\/div>\n\t\t\t\t\t\t<\/div>\n\t\t\t\t<div class=\"elementor-element elementor-element-e2e5492 elementor-widget elementor-widget-image\" data-id=\"e2e5492\" data-element_type=\"widget\" data-e-type=\"widget\" data-widget_type=\"image.default\">\n\t\t\t\t\t\t\t\t\t\t\t\t\t\t\t<img fetchpriority=\"high\" decoding=\"async\" width=\"700\" height=\"375\" src=\"https:\/\/www.sudariumchristi.com\/wp-content\/uploads\/2025\/12\/cloths.jpg\" class=\"attachment-large size-large wp-image-1345\" alt=\"\" srcset=\"https:\/\/www.sudariumchristi.com\/wp-content\/uploads\/2025\/12\/cloths.jpg 700w, https:\/\/www.sudariumchristi.com\/wp-content\/uploads\/2025\/12\/cloths-300x161.jpg 300w\" sizes=\"(max-width: 700px) 100vw, 700px\" \/>\t\t\t\t\t\t\t\t\t\t\t\t\t\t\t<\/div>\n\t\t<div class=\"elementor-element elementor-element-f1a0982 e-con-full e-flex e-con e-child\" data-id=\"f1a0982\" data-element_type=\"container\" data-e-type=\"container\">\n\t\t<div class=\"elementor-element elementor-element-37136d5 e-con-full e-flex e-con e-child\" data-id=\"37136d5\" data-element_type=\"container\" data-e-type=\"container\">\n\t\t\t\t<div class=\"elementor-element elementor-element-dcbcde6 elementor-widget elementor-widget-text-editor\" data-id=\"dcbcde6\" data-element_type=\"widget\" data-e-type=\"widget\" data-widget_type=\"text-editor.default\">\n\t\t\t\t\t\t\t\t\t<p class=\"txt1\"><b>O Sud\u00e1rio de Oviedo no norte de Espanha, a Santa Coifa de Cahors, o Sud\u00e1rio de Turim, os Sud\u00e1rios de Kornelim\u00fcnster<\/b> \u2013 um consider\u00e1vel n\u00famero de rel\u00edquias t\u00eaxteis est\u00e1 relacionado com o enterro de Jesus. S. Jo\u00e3o, para al\u00e9m dos panos de linho no plural, menciona especificamente um sud\u00e1rio enrolado (ou dobrado \u2013 em grego \u201centylisso\u201c) no seu Evangelho sobre a Ressurrei\u00e7\u00e3o: <\/p><p class=\"txt1\"><b>\u201ce reparou que os panos de linho estavam espalmados no ch\u00e3o, mas n\u00e3o entrou. Entretanto chegou tamb\u00e9m Sim\u00e3o Pedro, que o seguira, e entrou no t\u00famulo. Pedro saiu com o outro disc\u00edpulo e foram ao t\u00famulo; viu os panos de linho espalmados no ch\u00e3o, ao passo que o len\u00e7o que tivera em volta da cabe\u00e7a n\u00e3o estava espalmado no ch\u00e3o juntamente com os panos de linho, mas de outro modo, enrolado noutra posi\u00e7\u00e3o.\u201d<\/b> (Jo 20,5-7)<\/p><p class=\"txt1\">Na Antiguidade, num enterro segundo o costume judaico, n\u00e3o era invulgar serem utilizados v\u00e1rios panos. Tamb\u00e9m na ressurrei\u00e7\u00e3o de L\u00e1zaro se fala de ligaduras e de um sud\u00e1rio: <\/p><p class=\"txt1\"><b>\u201cO que estava morto saiu de m\u00e3os e p\u00e9s atados com ligaduras e o rosto envolvido num sud\u00e1rio.\u201d<\/b> (Jo 11,44)<\/p><p class=\"txt1\">Como j\u00e1 era h\u00e1bito entre os eg\u00edpcios, o rosto do morto foi coberto com um v\u00e9u transparente de bisso marinho, de forma que permanecesse vis\u00edvel durante o enterro. Mas no caso de Jesus Cristo, devido \u00e0s fortes hemorragias, n\u00e3o foi poss\u00edvel primeiramente ser colocado o pano de bisso marinho segundo esta tradi\u00e7\u00e3o, dado que n\u00e3o absorvia l\u00edquido. <\/p><p class=\"txt1\"><b>O Sud\u00e1rio de Turim e o Sud\u00e1rio de Oviedo, no norte de Espanha,<\/b> est\u00e3o bem estudados cientificamente. Os vest\u00edgios de sangue em ambos os panos s\u00e3o provenientes de um homem morto com o grupo sangu\u00edneo AB. <\/p><p class=\"txt1\">Segundo o conceito hebraico, o sangue \u00e9 sagrado porque \u00e9 considerado a sede da vida e meio de expia\u00e7\u00e3o. Todo o sangue derramado devia ser recolhido e enterrado juntamente com o corpo. Da\u00ed que o Sud\u00e1rio de Oviedo fosse colocado na cabe\u00e7a imediatamente ap\u00f3s a morte e tenha sido pressionado durante a descida do corpo da cruz em dois s\u00edtios sobre a boca e o nariz. Nesta rel\u00edquia, \u00e9 poss\u00edvel reconhecer os contornos da m\u00e3o que exerceu press\u00e3o. Depois disso, colocava-se ainda a Santa Coifa, composta por oito camadas de gaze, sobre a cabe\u00e7a. A Coifa \u00e9 guardada em Cahors (Fran\u00e7a) e destinava-se a fixar a mand\u00edbula. Todo o corpo foi depois envolto <strong>Sud\u00e1rio de Turim.<\/strong>     <\/p><p class=\"txt1\">\u201cJos\u00e9 desceu o corpo da cruz e envolveu-o num len\u00e7ol de linho puro.\u201d (Mt 27,59) Sem d\u00favida que a utilidade pr\u00e1tica n\u00e3o era o \u00fanico crit\u00e9rio para a escolha dos sud\u00e1rios, mas sim tamb\u00e9m a qualidade com que se queria honrar os mortos. Isto aplica-se tamb\u00e9m ao Sud\u00e1rio de bisso marinho, de enormes dimens\u00f5es (cerca de 6,50 x 3,50 m), e ao sud\u00e1rio ricamente ornamentado, ambos guardados em Kornelim\u00fcnster.  <\/p><p class=\"txt1\">Os tr\u00eas panos que cobrem o rosto ilustram o Tr\u00edduo Pascal: o Sud\u00e1rio de Oviedo ilustra a Paix\u00e3o e Morte na Sexta-Feira Santa, a Mortalha de Turim ilustra o sil\u00eancio sepulcral do S\u00e1bado Santo e o Sud\u00e1rio de Manoppello ilustra o momento da Ressurrei\u00e7\u00e3o no Domingo de P\u00e1scoa.<\/p>\t\t\t\t\t\t\t\t<\/div>\n\t\t\t\t<\/div>\n\t\t<div class=\"elementor-element elementor-element-5a0d8ad e-con-full e-flex e-con e-child\" data-id=\"5a0d8ad\" data-element_type=\"container\" data-e-type=\"container\">\n\t\t\t\t<div class=\"elementor-element elementor-element-94b3556 elementor-widget elementor-widget-image\" data-id=\"94b3556\" data-element_type=\"widget\" data-e-type=\"widget\" data-widget_type=\"image.default\">\n\t\t\t\t\t\t\t\t\t\t\t\t<figure class=\"wp-caption\">\n\t\t\t\t\t\t\t\t\t\t<img decoding=\"async\" width=\"300\" height=\"300\" src=\"https:\/\/www.sudariumchristi.com\/wp-content\/uploads\/2025\/12\/pala_1.jpg\" class=\"attachment-large size-large wp-image-1346\" alt=\"\" srcset=\"https:\/\/www.sudariumchristi.com\/wp-content\/uploads\/2025\/12\/pala_1.jpg 300w, https:\/\/www.sudariumchristi.com\/wp-content\/uploads\/2025\/12\/pala_1-150x150.jpg 150w\" sizes=\"(max-width: 300px) 100vw, 300px\" \/>\t\t\t\t\t\t\t\t\t\t\t<figcaption class=\"widget-image-caption wp-caption-text\">A Santa Coifa, Pala d\u2019Oro, Catedral de S\u00e3o Marcos, Veneza<\/figcaption>\n\t\t\t\t\t\t\t\t\t\t<\/figure>\n\t\t\t\t\t\t\t\t\t<\/div>\n\t\t\t\t<div class=\"elementor-element elementor-element-dd24107 elementor-widget elementor-widget-image\" data-id=\"dd24107\" data-element_type=\"widget\" data-e-type=\"widget\" data-widget_type=\"image.default\">\n\t\t\t\t\t\t\t\t\t\t\t\t<figure class=\"wp-caption\">\n\t\t\t\t\t\t\t\t\t\t<img decoding=\"async\" width=\"300\" height=\"316\" src=\"https:\/\/www.sudariumchristi.com\/wp-content\/uploads\/2025\/12\/pala_2.jpg\" class=\"attachment-large size-large wp-image-1347\" alt=\"\" srcset=\"https:\/\/www.sudariumchristi.com\/wp-content\/uploads\/2025\/12\/pala_2.jpg 300w, https:\/\/www.sudariumchristi.com\/wp-content\/uploads\/2025\/12\/pala_2-285x300.jpg 285w\" sizes=\"(max-width: 300px) 100vw, 300px\" \/>\t\t\t\t\t\t\t\t\t\t\t<figcaption class=\"widget-image-caption wp-caption-text\">A Santa Coifa, Codex Egberti, 980 \u2013 983<\/figcaption>\n\t\t\t\t\t\t\t\t\t\t<\/figure>\n\t\t\t\t\t\t\t\t\t<\/div>\n\t\t\t\t<div class=\"elementor-element elementor-element-4273564 elementor-widget elementor-widget-image\" data-id=\"4273564\" data-element_type=\"widget\" data-e-type=\"widget\" data-widget_type=\"image.default\">\n\t\t\t\t\t\t\t\t\t\t\t\t<figure class=\"wp-caption\">\n\t\t\t\t\t\t\t\t\t\t<img loading=\"lazy\" decoding=\"async\" width=\"300\" height=\"432\" src=\"https:\/\/www.sudariumchristi.com\/wp-content\/uploads\/2025\/12\/holy-coif-of-cahors.jpg\" class=\"attachment-large size-large wp-image-1348\" alt=\"\" srcset=\"https:\/\/www.sudariumchristi.com\/wp-content\/uploads\/2025\/12\/holy-coif-of-cahors.jpg 300w, https:\/\/www.sudariumchristi.com\/wp-content\/uploads\/2025\/12\/holy-coif-of-cahors-208x300.jpg 208w\" sizes=\"(max-width: 300px) 100vw, 300px\" \/>\t\t\t\t\t\t\t\t\t\t\t<figcaption class=\"widget-image-caption wp-caption-text\">Santa Coifa de Cahors<\/figcaption>\n\t\t\t\t\t\t\t\t\t\t<\/figure>\n\t\t\t\t\t\t\t\t\t<\/div>\n\t\t\t\t<\/div>\n\t\t\t\t<\/div>\n\t\t\t\t\t<\/div>\n\t\t\t\t<\/div>\n\t\t\t\t<\/div>\n\t\t","protected":false},"excerpt":{"rendered":"<p>As mortalhas de Cristo O Sud\u00e1rio de Oviedo no norte de Espanha, a Santa Coifa de Cahors, o Sud\u00e1rio de Turim, os Sud\u00e1rios de Kornelim\u00fcnster \u2013 um consider\u00e1vel n\u00famero de rel\u00edquias t\u00eaxteis est\u00e1 relacionado com o enterro de Jesus. S. Jo\u00e3o, para al\u00e9m dos panos de linho no plural, menciona especificamente um sud\u00e1rio enrolado (ou [&hellip;]<\/p>\n","protected":false},"author":1,"featured_media":0,"parent":268,"menu_order":0,"comment_status":"closed","ping_status":"closed","template":"","meta":{"footnotes":""},"class_list":["post-300","page","type-page","status-publish","hentry"],"_links":{"self":[{"href":"https:\/\/www.sudariumchristi.com\/pt-pt\/wp-json\/wp\/v2\/pages\/300","targetHints":{"allow":["GET"]}}],"collection":[{"href":"https:\/\/www.sudariumchristi.com\/pt-pt\/wp-json\/wp\/v2\/pages"}],"about":[{"href":"https:\/\/www.sudariumchristi.com\/pt-pt\/wp-json\/wp\/v2\/types\/page"}],"author":[{"embeddable":true,"href":"https:\/\/www.sudariumchristi.com\/pt-pt\/wp-json\/wp\/v2\/users\/1"}],"replies":[{"embeddable":true,"href":"https:\/\/www.sudariumchristi.com\/pt-pt\/wp-json\/wp\/v2\/comments?post=300"}],"version-history":[{"count":9,"href":"https:\/\/www.sudariumchristi.com\/pt-pt\/wp-json\/wp\/v2\/pages\/300\/revisions"}],"predecessor-version":[{"id":3927,"href":"https:\/\/www.sudariumchristi.com\/pt-pt\/wp-json\/wp\/v2\/pages\/300\/revisions\/3927"}],"up":[{"embeddable":true,"href":"https:\/\/www.sudariumchristi.com\/pt-pt\/wp-json\/wp\/v2\/pages\/268"}],"wp:attachment":[{"href":"https:\/\/www.sudariumchristi.com\/pt-pt\/wp-json\/wp\/v2\/media?parent=300"}],"curies":[{"name":"wp","href":"https:\/\/api.w.org\/{rel}","templated":true}]}}