{"id":475,"date":"2025-11-05T16:51:55","date_gmt":"2025-11-05T15:51:55","guid":{"rendered":"http:\/\/sudariumchristi.stage.bergwerk-it.de\/dados-de-interesse\/quem-e-quem-em-manoppello\/"},"modified":"2025-12-19T13:49:01","modified_gmt":"2025-12-19T12:49:01","slug":"quem-e-quem-em-manoppello","status":"publish","type":"page","link":"https:\/\/www.sudariumchristi.com\/pt-pt\/dados-de-interesse\/quem-e-quem-em-manoppello\/","title":{"rendered":"Quem \u00e9 quem em Manoppello"},"content":{"rendered":"\t\t<div data-elementor-type=\"wp-page\" data-elementor-id=\"475\" class=\"elementor elementor-475 elementor-69\" data-elementor-post-type=\"page\">\n\t\t\t\t<div class=\"elementor-element elementor-element-dc15603 e-flex e-con-boxed e-con e-parent\" data-id=\"dc15603\" data-element_type=\"container\" data-e-type=\"container\">\n\t\t\t\t\t<div class=\"e-con-inner\">\n\t\t<div class=\"elementor-element elementor-element-5afa650 e-con-full e-flex e-con e-child\" data-id=\"5afa650\" data-element_type=\"container\" data-e-type=\"container\">\n\t\t\t\t<div class=\"elementor-element elementor-element-9cf5555 elementor-widget__width-initial elementor-widget elementor-widget-image\" data-id=\"9cf5555\" data-element_type=\"widget\" data-e-type=\"widget\" data-widget_type=\"image.default\">\n\t\t\t\t\t\t\t\t\t\t\t\t\t\t\t<img decoding=\"async\" width=\"130\" height=\"100\" src=\"https:\/\/www.sudariumchristi.com\/wp-content\/uploads\/2025\/12\/kap.jpg\" class=\"attachment-large size-large wp-image-1487\" alt=\"\" \/>\t\t\t\t\t\t\t\t\t\t\t\t\t\t\t<\/div>\n\t\t\t\t<div class=\"elementor-element elementor-element-c2a5e25 elementor-widget elementor-widget-text-editor\" data-id=\"c2a5e25\" data-element_type=\"widget\" data-e-type=\"widget\" data-widget_type=\"text-editor.default\">\n\t\t\t\t\t\t\t\t\t<p><strong>Capuchinhos.<\/strong><br>O Santo V\u00e9u encontra-se desde 1638 na posse dos capuchinhos.<\/p><p><a title=\"Vinde e vereis!\" href=\"https:\/\/www.sudariumchristi.com\/pt-pt\/vinde-e-vereis\/\">Vinde e vereis!<\/a><\/p>\t\t\t\t\t\t\t\t<\/div>\n\t\t\t\t<\/div>\n\t\t<div class=\"elementor-element elementor-element-edb2cd4 e-con-full e-flex e-con e-child\" data-id=\"edb2cd4\" data-element_type=\"container\" data-e-type=\"container\">\n\t\t\t\t<div class=\"elementor-element elementor-element-e8a6323 elementor-widget__width-initial elementor-widget elementor-widget-image\" data-id=\"e8a6323\" data-element_type=\"widget\" data-e-type=\"widget\" data-widget_type=\"image.default\">\n\t\t\t\t\t\t\t\t\t\t\t\t\t\t\t<img decoding=\"async\" width=\"130\" height=\"155\" src=\"https:\/\/www.sudariumchristi.com\/wp-content\/uploads\/2025\/12\/schloemer.jpg\" class=\"attachment-large size-large wp-image-1488\" alt=\"\" \/>\t\t\t\t\t\t\t\t\t\t\t\t\t\t\t<\/div>\n\t\t\t\t<div class=\"elementor-element elementor-element-59bd72a elementor-widget elementor-widget-text-editor\" data-id=\"59bd72a\" data-element_type=\"widget\" data-e-type=\"widget\" data-widget_type=\"text-editor.default\">\n\t\t\t\t\t\t\t\t\t<p><strong>Blandina Paschalis Schl\u00f6mer.<\/strong><br>Recorrendo a pontos de orienta\u00e7\u00e3o \u2013 a designada \u201csopraposition\u201d \u2013 a monja trapista alem\u00e3, Blandina Paschalis Schl\u00f6mer, conseguiu provar que nas imagens do sud\u00e1rio de Manoppello e do sud\u00e1rio de Turim se trata da mesma pessoa. Posteriormente, aplicou esta mesma t\u00e9cnica ao Sud\u00e1rio de Oviedo e obteve o mesmo resultado. Desde 2003, a Irm\u00e3 Blandina vive como eremita em Manoppello.  <\/p><p><a title=\"de.wikipedia.org\/wiki\/Blandina_Paschalis_Schl\u00f6mer\" href=\"http:\/\/de.wikipedia.org\/wiki\/Blandina_Paschalis_Schl%C3%B6mer\">wikipedia.de<\/a><\/p>\t\t\t\t\t\t\t\t<\/div>\n\t\t\t\t<\/div>\n\t\t<div class=\"elementor-element elementor-element-c1f9a03 e-con-full e-flex e-con e-child\" data-id=\"c1f9a03\" data-element_type=\"container\" data-e-type=\"container\">\n\t\t\t\t<div class=\"elementor-element elementor-element-6068a63 elementor-widget__width-initial elementor-widget elementor-widget-image\" data-id=\"6068a63\" data-element_type=\"widget\" data-e-type=\"widget\" data-widget_type=\"image.default\">\n\t\t\t\t\t\t\t\t\t\t\t\t\t\t\t<img decoding=\"async\" width=\"130\" height=\"170\" src=\"https:\/\/www.sudariumchristi.com\/wp-content\/uploads\/2025\/12\/holy.jpg\" class=\"attachment-large size-large wp-image-1489\" alt=\"\" \/>\t\t\t\t\t\t\t\t\t\t\t\t\t\t\t<\/div>\n\t\t\t\t<div class=\"elementor-element elementor-element-bf1d3ee elementor-widget elementor-widget-text-editor\" data-id=\"bf1d3ee\" data-element_type=\"widget\" data-e-type=\"widget\" data-widget_type=\"text-editor.default\">\n\t\t\t\t\t\t\t\t\t<p><strong>As Servas do Precios\u00edssimo Sangue.<\/strong><br>As Servas do Precios\u00edssimo Sangue pertencem a uma comunidade cat\u00f3lica que prestam servi\u00e7o mission\u00e1rio sob o signo do Sangue de Jesus Cristo. Desde 2010 dedicam-se a assistir os peregrinos em Manoppello e desenvolvem a sua atividade na par\u00f3quia de S. Nicolau junto de crian\u00e7as e jovens. <\/p><p><a title=\"www.blut-christi.de\" href=\"http:\/\/www.blut-christi.de\/\">www.blut-christi.de<\/a><\/p>\t\t\t\t\t\t\t\t<\/div>\n\t\t\t\t<\/div>\n\t\t<div class=\"elementor-element elementor-element-8fed47e e-con-full e-flex e-con e-child\" data-id=\"8fed47e\" data-element_type=\"container\" data-e-type=\"container\">\n\t\t\t\t<div class=\"elementor-element elementor-element-240aea2 elementor-widget__width-initial elementor-widget elementor-widget-image\" data-id=\"240aea2\" data-element_type=\"widget\" data-e-type=\"widget\" data-widget_type=\"image.default\">\n\t\t\t\t\t\t\t\t\t\t\t\t\t\t\t<img loading=\"lazy\" decoding=\"async\" width=\"130\" height=\"173\" src=\"https:\/\/www.sudariumchristi.com\/wp-content\/uploads\/2025\/12\/steiner.jpg\" class=\"attachment-large size-large wp-image-1490\" alt=\"\" \/>\t\t\t\t\t\t\t\t\t\t\t\t\t\t\t<\/div>\n\t\t\t\t<div class=\"elementor-element elementor-element-853deaf elementor-widget elementor-widget-text-editor\" data-id=\"853deaf\" data-element_type=\"widget\" data-e-type=\"widget\" data-widget_type=\"text-editor.default\">\n\t\t\t\t\t\t\t\t\t<p><strong>Petra-Maria Steiner.<\/strong><br>A Irm\u00e3 Petra-Maria encontra-se em Manopelo a pedido da sua comunidade \u201cVita Communis &#8211; Maria, M\u00e3e da Sagrada Fam\u00edlia\u201d. Guia os peregrinos de l\u00edngua alem\u00e3 na \u201cBas\u00edlica da Santa Face\u201d e apresenta sobretudo nos meses de inverno o Santo V\u00e9u com tecnologia moderna em povoa\u00e7\u00f5es interessadas. <\/p><p><a title=\"www.vitacommunis.de\" href=\"http:\/\/www.vitacommunis.de\/\">www.vitacommunis.de<\/a><\/p>\t\t\t\t\t\t\t\t<\/div>\n\t\t\t\t<\/div>\n\t\t\t\t\t<\/div>\n\t\t\t\t<\/div>\n\t\t\t\t<\/div>\n\t\t","protected":false},"excerpt":{"rendered":"<p>Capuchinhos.O Santo V\u00e9u encontra-se desde 1638 na posse dos capuchinhos. Vinde e vereis! Blandina Paschalis Schl\u00f6mer.Recorrendo a pontos de orienta\u00e7\u00e3o \u2013 a designada \u201csopraposition\u201d \u2013 a monja trapista alem\u00e3, Blandina Paschalis Schl\u00f6mer, conseguiu provar que nas imagens do sud\u00e1rio de Manoppello e do sud\u00e1rio de Turim se trata da mesma pessoa. Posteriormente, aplicou esta mesma [&hellip;]<\/p>\n","protected":false},"author":1,"featured_media":0,"parent":451,"menu_order":0,"comment_status":"closed","ping_status":"closed","template":"","meta":{"footnotes":""},"class_list":["post-475","page","type-page","status-publish","hentry"],"_links":{"self":[{"href":"https:\/\/www.sudariumchristi.com\/pt-pt\/wp-json\/wp\/v2\/pages\/475","targetHints":{"allow":["GET"]}}],"collection":[{"href":"https:\/\/www.sudariumchristi.com\/pt-pt\/wp-json\/wp\/v2\/pages"}],"about":[{"href":"https:\/\/www.sudariumchristi.com\/pt-pt\/wp-json\/wp\/v2\/types\/page"}],"author":[{"embeddable":true,"href":"https:\/\/www.sudariumchristi.com\/pt-pt\/wp-json\/wp\/v2\/users\/1"}],"replies":[{"embeddable":true,"href":"https:\/\/www.sudariumchristi.com\/pt-pt\/wp-json\/wp\/v2\/comments?post=475"}],"version-history":[{"count":6,"href":"https:\/\/www.sudariumchristi.com\/pt-pt\/wp-json\/wp\/v2\/pages\/475\/revisions"}],"predecessor-version":[{"id":3808,"href":"https:\/\/www.sudariumchristi.com\/pt-pt\/wp-json\/wp\/v2\/pages\/475\/revisions\/3808"}],"up":[{"embeddable":true,"href":"https:\/\/www.sudariumchristi.com\/pt-pt\/wp-json\/wp\/v2\/pages\/451"}],"wp:attachment":[{"href":"https:\/\/www.sudariumchristi.com\/pt-pt\/wp-json\/wp\/v2\/media?parent=475"}],"curies":[{"name":"wp","href":"https:\/\/api.w.org\/{rel}","templated":true}]}}