{"id":248,"date":"2025-11-05T16:41:52","date_gmt":"2025-11-05T15:41:52","guid":{"rendered":"http:\/\/sudariumchristi.stage.bergwerk-it.de\/introducere\/"},"modified":"2025-12-19T13:37:47","modified_gmt":"2025-12-19T12:37:47","slug":"introducere","status":"publish","type":"page","link":"https:\/\/www.sudariumchristi.com\/ro\/introducere\/","title":{"rendered":"Introducere"},"content":{"rendered":"\t\t<div data-elementor-type=\"wp-page\" data-elementor-id=\"248\" class=\"elementor elementor-248 elementor-17\" data-elementor-post-type=\"page\">\n\t\t\t\t<div class=\"elementor-element elementor-element-3c76bd5 e-flex e-con-boxed e-con e-parent\" data-id=\"3c76bd5\" data-element_type=\"container\" data-e-type=\"container\">\n\t\t\t\t\t<div class=\"e-con-inner\">\n\t\t<div class=\"elementor-element elementor-element-8ae4f50 e-con-full e-flex e-con e-child\" data-id=\"8ae4f50\" data-element_type=\"container\" data-e-type=\"container\">\n\t\t\t\t<div class=\"elementor-element elementor-element-006c8ce elementor-blockquote--skin-quotation elementor-blockquote--align-left elementor-widget elementor-widget-blockquote\" data-id=\"006c8ce\" data-element_type=\"widget\" data-e-type=\"widget\" data-widget_type=\"blockquote.default\">\n\t\t\t\t\t\t\t<blockquote class=\"elementor-blockquote\">\n\t\t\t<p class=\"elementor-blockquote__content\">\n\t\t\t\tCei ce seam\u0103n\u0103 cu lacrimi vor secera cu strig\u0103te de bucurie. Cine duce sacul cu s\u0103m\u00e2n\u021b\u0103 pl\u00e2nge, dar cine \u00ee\u0219i duce snopii \u2013 f\u0103r\u0103 s\u0103-i mai fac\u0103 nimic \u2013 se \u00eentoarce acas\u0103 cu strig\u0103te de bucurie. \t\t\t<\/p>\n\t\t\t\t\t\t\t<div class=\"e-q-footer\">\n\t\t\t\t\t\t\t\t\t\t\t<cite class=\"elementor-blockquote__author\">\u2013 Ps 126,5 f.<\/cite>\n\t\t\t\t\t\t\t\t\t\t\t\t\t\t<\/div>\n\t\t\t\t\t<\/blockquote>\n\t\t\t\t\t\t<\/div>\n\t\t\t\t<div class=\"elementor-element elementor-element-dd7c92c elementor-widget elementor-widget-text-editor\" data-id=\"dd7c92c\" data-element_type=\"widget\" data-e-type=\"widget\" data-widget_type=\"text-editor.default\">\n\t\t\t\t\t\t\t\t\t<p><strong>Or\u0103\u015felul Manoppello<\/strong> se afl\u0103 \u00een Italia, \u00eentr-o regiune deluroas\u0103, la poalele masivului Majella a mun\u0163ilor Abruzzen. \u00cen acest \u0163inut \u00eendep\u0103rtat este p\u0103strat\u0103 o relicv\u0103 de o valoare inestimabil\u0103, o p\u00e2nz\u0103 ce-L \u00eenf\u0103\u0163i\u015feaz\u0103 pe Iisus Hristos. <\/p><p><strong>Timp de aproximativ 400 de ani,<\/strong> pentru un num\u0103r redus de credincio\u015fi, aceast\u0103 \u0163es\u0103tur\u0103 a fost simbol al lini\u015ftii si al speran\u0163ei. Pentru restul cre\u015ftin\u0103t\u0103\u0163ii \u00eens\u0103, ea a r\u0103mas necunoscut\u0103. Cu toate acestea, exist\u0103 tot mai multe indicii c\u0103 acest v\u0103l reprezint\u0103 \u201eAdev\u0103ratul Chip\u201c al M\u00e2ntuitorului care s-ar afla de fapt \u00een catedrala Sf. Petru din Roma. <\/p><p>\u00cens\u0103\u015fi textura maramei dezv\u0103luie un caracter misterios, enigmatic: un v\u0103l transparent, pe care Chipul M\u00e2ntuitorului pare s\u0103 se schimbe mereu, \u00een func\u0163ie de diferitele reflec\u0163ii de lumin\u0103. Abia \u00een timpul slujbelor, la lumina zilei, marama este pus\u0103 \u00een valoare \u00een toat\u0103 complexitatea ei. Mul\u0163i pictori de renume au \u00eencercat s\u0103 deslu\u015feasca misterul acestei \u0163es\u0103uri, dar au ajuns la concluzia c\u0103 tehnicile moderne de fotografie nu pot imortaliza perfect Chipul str\u0103lucitor al M\u00e2ntuitorului. Mai mult decat at\u00e2t, marama este confec\u0163ionat\u0103 din Bysssus, un material deosebit din antichitate, un material g\u00e2ndit pentru ve\u015fnicie, un material ce a rezistat 2000 de ani de la moartea lui Iisus Hristos. Chiar \u015fi primii cre\u015ftini s-au \u00eentrebat cum a putut fi imortalizat Chipul M\u00e2ntuitorului pe aceast\u0103 maram\u0103. \u00centrebarea lor nu a g\u0103sit r\u0103spuns nici p\u00e2n\u0103 \u00een ziua de ast\u0103zi.     <\/p><p><strong>Manoppello, Manipulus, Manipel <\/strong>\u2013 numele or\u0103\u015felului, ce a oferit n\u0103framei loc de refugiu de-a lungul secolelor este plin de semnifica\u0163ii: Manoppello vine de la latinescul \u201emanipulus\u201c= \u201em\u00e2n\u0103 plin\u0103\u201c \u015fi face trimitere la stema ora\u015fului reprezentat\u0103 printr-o m\u00e2n\u0103 plin\u0103 de spice de gr\u00e2u. Aceste spice de gr\u00e2u sunt simbol al p\u00e2inii, dar \u015fi al numelui de Bethlehem, locul unde s-a n\u0103scut Iisus Hristos, care \u00een traducere \u00eenseamn\u0103 \u201ecasa p\u00e2inii\u201c. Termenul de \u201eManipulus\u201c poate semnifica \u00eens\u0103 \u015fi \u201emanipel\u201c, o maram\u0103 care se folosea ini\u0163ial \u00een timpul slujbelor \u015fi care acoperea m\u00e2na st\u00e2ng\u0103 a celui care \u00eenm\u00e2na Sf\u00e2ntul Potir, Ciboria \u015fi Chivotul gol. Prin urmare, or\u0103\u015felul Manoppello, \u00eenfiin\u0163at cu mult \u00eenainte de a deveni loc de refugiu al maramei M\u00e2ntuitorului, ne trimite cu g\u00e2ndul nu doar la Sf\u00e2nta Fa\u0163\u0103 a lui Iisus, ci \u015fi la P\u00e2inea Euharistic\u0103 \u015fi la obiectele liturgice. El amplific\u0103 astfel importan\u0163a actului euharistic:    <\/p><p><strong>\u201e\u015ei lu\u00e2nd p\u00e2inea, <\/strong>mul\u0163umind, a fr\u00e2nt \u015fi le-a dat, zic\u00e2nd: \u201eAcesta este Trupul Meu, cel ce se d\u0103 pentru voi; aceasta s\u0103 face\u0163i \u00eentru pomenirea Mea!\u201c Asemenea \u015fi paharul, dup\u0103 ce au cinat, zic\u00e2nd: \u201eAcest pahar este Legea cea Nou\u0103, \u00eentru S\u00e2ngele Meu, cel ce se vars\u0103 pentru voi.\u201c (Luca 22, 19-20)<\/p><p>Tot astfel ne vorbe\u015fte \u015fi fratele Ignazio Scurti, un c\u0103lug\u0103r capucin din Manoppello: \u201eAdev\u0103rata Veronica, adev\u0103rata maram\u0103, este Azima Euharistic\u0103 iar adev\u0103ratul Chip Dumnezeiesc \u00eel reg\u0103se\u015fti \u00een chipul aproapelui t\u0103u.\u201c<\/p>\t\t\t\t\t\t\t\t<\/div>\n\t\t\t\t<\/div>\n\t\t<div class=\"elementor-element elementor-element-98bb79e e-con-full e-flex e-con e-child\" data-id=\"98bb79e\" data-element_type=\"container\" data-e-type=\"container\">\n\t\t\t\t<div class=\"elementor-element elementor-element-51b12cf elementor-widget elementor-widget-image\" data-id=\"51b12cf\" data-element_type=\"widget\" data-e-type=\"widget\" data-widget_type=\"image.default\">\n\t\t\t\t\t\t\t\t\t\t\t\t<figure class=\"wp-caption\">\n\t\t\t\t\t\t\t\t\t\t<img fetchpriority=\"high\" decoding=\"async\" width=\"300\" height=\"222\" src=\"https:\/\/www.sudariumchristi.com\/wp-content\/uploads\/2025\/12\/santuario_1.jpg\" class=\"attachment-large size-large wp-image-1943\" alt=\"\" \/>\t\t\t\t\t\t\t\t\t\t\t<figcaption class=\"widget-image-caption wp-caption-text\">Manoppello situa-se em local rec\u00f4ndito, nos Abruzos italianos<\/figcaption>\n\t\t\t\t\t\t\t\t\t\t<\/figure>\n\t\t\t\t\t\t\t\t\t<\/div>\n\t\t\t\t<div class=\"elementor-element elementor-element-faa043f elementor-widget elementor-widget-image\" data-id=\"faa043f\" data-element_type=\"widget\" data-e-type=\"widget\" data-widget_type=\"image.default\">\n\t\t\t\t\t\t\t\t\t\t\t\t<figure class=\"wp-caption\">\n\t\t\t\t\t\t\t\t\t\t<img decoding=\"async\" width=\"278\" height=\"170\" src=\"https:\/\/www.sudariumchristi.com\/wp-content\/uploads\/2025\/12\/emblem.jpg\" class=\"attachment-large size-large wp-image-1944\" alt=\"\" \/>\t\t\t\t\t\t\t\t\t\t\t<figcaption class=\"widget-image-caption wp-caption-text\">As armas de Manoppello e as de Bel\u00e9m<\/figcaption>\n\t\t\t\t\t\t\t\t\t\t<\/figure>\n\t\t\t\t\t\t\t\t\t<\/div>\n\t\t\t\t<div class=\"elementor-element elementor-element-2b62c74 elementor-widget elementor-widget-image\" data-id=\"2b62c74\" data-element_type=\"widget\" data-e-type=\"widget\" data-widget_type=\"image.default\">\n\t\t\t\t\t\t\t\t\t\t\t\t<figure class=\"wp-caption\">\n\t\t\t\t\t\t\t\t\t\t<img decoding=\"async\" width=\"300\" height=\"256\" src=\"https:\/\/www.sudariumchristi.com\/wp-content\/uploads\/2025\/12\/santuario_2.jpg\" class=\"attachment-large size-large wp-image-1945\" alt=\"\" \/>\t\t\t\t\t\t\t\t\t\t\t<figcaption class=\"widget-image-caption wp-caption-text\">A bas\u00edlica pontif\u00edcia do Santo V\u00e9u em Manoppello<\/figcaption>\n\t\t\t\t\t\t\t\t\t\t<\/figure>\n\t\t\t\t\t\t\t\t\t<\/div>\n\t\t\t\t<\/div>\n\t\t\t\t\t<\/div>\n\t\t\t\t<\/div>\n\t\t\t\t<\/div>\n\t\t","protected":false},"excerpt":{"rendered":"<p>Cei ce seam\u0103n\u0103 cu lacrimi vor secera cu strig\u0103te de bucurie. Cine duce sacul cu s\u0103m\u00e2n\u021b\u0103 pl\u00e2nge, dar cine \u00ee\u0219i duce snopii \u2013 f\u0103r\u0103 s\u0103-i mai fac\u0103 nimic \u2013 se \u00eentoarce acas\u0103 cu strig\u0103te de bucurie. \u2013 Ps 126,5 f. Or\u0103\u015felul Manoppello se afl\u0103 \u00een Italia, \u00eentr-o regiune deluroas\u0103, la poalele masivului Majella a mun\u0163ilor [&hellip;]<\/p>\n","protected":false},"author":1,"featured_media":0,"parent":0,"menu_order":0,"comment_status":"closed","ping_status":"closed","template":"","meta":{"footnotes":""},"class_list":["post-248","page","type-page","status-publish","hentry"],"_links":{"self":[{"href":"https:\/\/www.sudariumchristi.com\/ro\/wp-json\/wp\/v2\/pages\/248","targetHints":{"allow":["GET"]}}],"collection":[{"href":"https:\/\/www.sudariumchristi.com\/ro\/wp-json\/wp\/v2\/pages"}],"about":[{"href":"https:\/\/www.sudariumchristi.com\/ro\/wp-json\/wp\/v2\/types\/page"}],"author":[{"embeddable":true,"href":"https:\/\/www.sudariumchristi.com\/ro\/wp-json\/wp\/v2\/users\/1"}],"replies":[{"embeddable":true,"href":"https:\/\/www.sudariumchristi.com\/ro\/wp-json\/wp\/v2\/comments?post=248"}],"version-history":[{"count":11,"href":"https:\/\/www.sudariumchristi.com\/ro\/wp-json\/wp\/v2\/pages\/248\/revisions"}],"predecessor-version":[{"id":3593,"href":"https:\/\/www.sudariumchristi.com\/ro\/wp-json\/wp\/v2\/pages\/248\/revisions\/3593"}],"wp:attachment":[{"href":"https:\/\/www.sudariumchristi.com\/ro\/wp-json\/wp\/v2\/media?parent=248"}],"curies":[{"name":"wp","href":"https:\/\/api.w.org\/{rel}","templated":true}]}}