{"id":333,"date":"2025-11-05T16:45:26","date_gmt":"2025-11-05T15:45:26","guid":{"rendered":"http:\/\/sudariumchristi.stage.bergwerk-it.de\/picturi-fresce-si-icoane\/"},"modified":"2025-12-19T13:42:36","modified_gmt":"2025-12-19T12:42:36","slug":"picturi-fresce-si-icoane","status":"publish","type":"page","link":"https:\/\/www.sudariumchristi.com\/ro\/picturi-fresce-si-icoane\/","title":{"rendered":"Picturi, fresce \u015fi icoane"},"content":{"rendered":"\t\t<div data-elementor-type=\"wp-page\" data-elementor-id=\"333\" class=\"elementor elementor-333 elementor-35\" data-elementor-post-type=\"page\">\n\t\t\t\t<div class=\"elementor-element elementor-element-ec9d5da e-flex e-con-boxed e-con e-parent\" data-id=\"ec9d5da\" data-element_type=\"container\" data-e-type=\"container\">\n\t\t\t\t\t<div class=\"e-con-inner\">\n\t\t<div class=\"elementor-element elementor-element-710d013 e-con-full e-flex e-con e-child\" data-id=\"710d013\" data-element_type=\"container\" data-e-type=\"container\">\n\t\t\t\t<div class=\"elementor-element elementor-element-aff23a6 elementor-blockquote--skin-quotation elementor-blockquote--align-left elementor-widget elementor-widget-blockquote\" data-id=\"aff23a6\" data-element_type=\"widget\" data-e-type=\"widget\" data-widget_type=\"blockquote.default\">\n\t\t\t\t\t\t\t<blockquote class=\"elementor-blockquote\">\n\t\t\t<p class=\"elementor-blockquote__content\">\n\t\t\t\tDas Sch\u00f6nste auf der ganzen Welt:\nein Angesicht, vom Geist erhellt,\nauf welchem Seelenreinheit wohnt,\nauf welchem Himmelsfrieden thront.\n\n- Friedrich Gottlieb Klopstock (1724 - 1803)\t\t\t<\/p>\n\t\t\t\t\t<\/blockquote>\n\t\t\t\t\t\t<\/div>\n\t\t\t\t<div class=\"elementor-element elementor-element-a6c556d elementor-widget elementor-widget-text-editor\" data-id=\"a6c556d\" data-element_type=\"widget\" data-e-type=\"widget\" data-widget_type=\"text-editor.default\">\n\t\t\t\t\t\t\t\t\t<p class=\"txt1\"><b>\u015euvi\u0163a de p\u0103r aproape de neobservat de pe fruntea M\u00e2ntuitorului<\/b> este un element pe care \u00eel reg\u0103sim de-a lungul \u00eentregii istorii a artelor. Pe marama de la Manoppello el devine \u015fablon. Giulgiul de la Torino, cu contururile sale neclare nu ar fi putut servi nicidecum drept model la realizarea acestei imagini at\u00e2t de precise. <\/p><p class=\"txt1\">Chiar dac\u0103 \u00een Noul Testament \u015fi \u00een <b>perioada bizantin\u0103 picturile erau interzise,<\/b> cre\u015ftinii au sim\u0163it mereu nevoia de a crea portrete. Astfel, \u00een cartea sa \u201eChipul lui Hristos\u201c, ap\u0103rut\u0103 \u00een 2005, Andreas Resch ne prezint\u0103 opere precum \u201eBl\u00e2ndul p\u0103stor\u201c (catacomba Priscilla) ca portret ascuns al M\u00e2ntuitorului. El se folose\u015fte de tehnica juxtapunerii \u2013 o tehnic\u0103 dezvoltat\u0103 de sora Blandina, cu scopul de a demonstra congruen\u0163a diferitelor giulgiuri \u2013 \u015fi analizeaz\u0103 lucr\u0103ri din perioada cre\u015ftin\u0103 timpurie, aflate \u00een catacombele Romei, dar \u015fi numeroase icoane.  <\/p><p class=\"txt1\"><b>P\u00e2n\u0103 \u00een sec. al 17-lea,<\/b> \u00eentre numeroase opere de art\u0103, precum Adev\u0103rata Icoan\u0103 (Vera Icon) pe giulgiul maestrului din Fl\u00e9maille (probabil \u00eentre 1375 \u015fi 1444) \u015fi marama de la Manoppello exist\u0103 asem\u0103n\u0103ri frapante. \u00cen cazul acestor reproduceri, putem recunoa\u015fte chipul \u015fi p\u0103rul M\u00e2ntuitorului, cu sau f\u0103r\u0103 \u0163es\u0103tura de deasupra. <\/p><p class=\"txt1\">At\u00e2t \u00een partea de est (Bizan\u0163) c\u00e2t \u015fi \u00een cea de vest, marama a reprezentat, ca <b>prim\u0103 icoan\u0103, <\/b>un ideal de frumuse\u0163e perfect\u0103 din punct de vedere geometric. Acest lucru este valabil nu doar \u00een cazul reproducerilor realizate \u015fi al \u015fabloanelor folosite \u00een iconografie, ci \u015fi \u00een cel al crea\u0163iilor individuale. Pe multe dintre acestea se poate distinge amprenta epocii c\u0103reia le apar\u0163in; s-au pus \u00een practic\u0103 anumite principii specifice artei portretistice \u015fi s-a folosit un stil mai vechi de pictur\u0103, tocmai pentru a conferi portretului mai mult\u0103 autenticitate. De asemenea, \u00een expresia de pe chipul M\u00e2ntuitorului se reflect\u0103 foarte frumos rolul pe care Acesta L-a avut printre oameni.    <\/p><p class=\"txt1\">Deseori marama este pus\u0103 \u00een leg\u0103tur\u0103 cu o <b>relatare ilustrativ\u0103<\/b>. Originea ei este explicat\u0103 \u00een diferite moduri, de exemplu prin intermediul a sfin\u0163i ori \u00eengeri, ce devin purt\u0103tori de icoan\u0103. \u00cen truc\u00e2t Sf. Veronica prezint\u0103 marama ca obiect de venerare, aceasta formeaz\u0103 o uniune perfect\u0103 \u00eentre legend\u0103 \u015fi relicv\u0103. Provenien\u0163a divin\u0103 a maramei este subliniat\u0103 \u015fi de \u00eengerii ce o part\u0103 pe m\u00e2ini. P\u00e2n\u0103 \u015fi cutele de pe \u0163es\u0103tur\u0103, care nu se reg\u0103sesc pe chipul M\u00e2ntuitorului, dau dovad\u0103 de o z\u0103mislire divin\u0103.    <\/p>\t\t\t\t\t\t\t\t<\/div>\n\t\t\t\t<\/div>\n\t\t<div class=\"elementor-element elementor-element-797ddf0 e-con-full e-flex e-con e-child\" data-id=\"797ddf0\" data-element_type=\"container\" data-e-type=\"container\">\n\t\t\t\t<div class=\"elementor-element elementor-element-f30ddd2 elementor-widget elementor-widget-image\" data-id=\"f30ddd2\" data-element_type=\"widget\" data-e-type=\"widget\" data-widget_type=\"image.default\">\n\t\t\t\t\t\t\t\t\t\t\t\t\t\t\t<img fetchpriority=\"high\" decoding=\"async\" width=\"300\" height=\"352\" src=\"https:\/\/www.sudariumchristi.com\/wp-content\/uploads\/2025\/12\/ikonen.jpg\" class=\"attachment-large size-large wp-image-2000\" alt=\"\" srcset=\"https:\/\/www.sudariumchristi.com\/wp-content\/uploads\/2025\/12\/ikonen.jpg 300w, https:\/\/www.sudariumchristi.com\/wp-content\/uploads\/2025\/12\/ikonen-256x300.jpg 256w\" sizes=\"(max-width: 300px) 100vw, 300px\" \/>\t\t\t\t\t\t\t\t\t\t\t\t\t\t\t<\/div>\n\t\t\t\t<\/div>\n\t\t\t\t\t<\/div>\n\t\t\t\t<\/div>\n\t\t\t\t<\/div>\n\t\t","protected":false},"excerpt":{"rendered":"<p>Das Sch\u00f6nste auf der ganzen Welt: ein Angesicht, vom Geist erhellt, auf welchem Seelenreinheit wohnt, auf welchem Himmelsfrieden thront. &#8211; Friedrich Gottlieb Klopstock (1724 &#8211; 1803) \u015euvi\u0163a de p\u0103r aproape de neobservat de pe fruntea M\u00e2ntuitorului este un element pe care \u00eel reg\u0103sim de-a lungul \u00eentregii istorii a artelor. Pe marama de la Manoppello el [&hellip;]<\/p>\n","protected":false},"author":1,"featured_media":0,"parent":0,"menu_order":0,"comment_status":"closed","ping_status":"closed","template":"","meta":{"footnotes":""},"class_list":["post-333","page","type-page","status-publish","hentry"],"_links":{"self":[{"href":"https:\/\/www.sudariumchristi.com\/ro\/wp-json\/wp\/v2\/pages\/333","targetHints":{"allow":["GET"]}}],"collection":[{"href":"https:\/\/www.sudariumchristi.com\/ro\/wp-json\/wp\/v2\/pages"}],"about":[{"href":"https:\/\/www.sudariumchristi.com\/ro\/wp-json\/wp\/v2\/types\/page"}],"author":[{"embeddable":true,"href":"https:\/\/www.sudariumchristi.com\/ro\/wp-json\/wp\/v2\/users\/1"}],"replies":[{"embeddable":true,"href":"https:\/\/www.sudariumchristi.com\/ro\/wp-json\/wp\/v2\/comments?post=333"}],"version-history":[{"count":4,"href":"https:\/\/www.sudariumchristi.com\/ro\/wp-json\/wp\/v2\/pages\/333\/revisions"}],"predecessor-version":[{"id":3658,"href":"https:\/\/www.sudariumchristi.com\/ro\/wp-json\/wp\/v2\/pages\/333\/revisions\/3658"}],"wp:attachment":[{"href":"https:\/\/www.sudariumchristi.com\/ro\/wp-json\/wp\/v2\/media?parent=333"}],"curies":[{"name":"wp","href":"https:\/\/api.w.org\/{rel}","templated":true}]}}